{"id":545,"date":"2017-05-30T07:57:31","date_gmt":"2017-05-30T05:57:31","guid":{"rendered":"http:\/\/the-right-direction.de\/cms\/?page_id=545"},"modified":"2026-03-19T10:45:00","modified_gmt":"2026-03-19T09:45:00","slug":"bildungs-und-berufswahl","status":"publish","type":"page","link":"https:\/\/the-right-direction.de\/cms\/bildungs-und-berufswahl\/","title":{"rendered":"Bildungs- und Berufswahl"},"content":{"rendered":"<div id='av_section_1'  class='avia-section main_color avia-section-large avia-no-border-styling  av-parallax-section av-section-color-overlay-active avia-bg-style-parallax  avia-builder-el-0  avia-builder-el-no-sibling   container_wrap fullsize' style='background-color: #ffffff;  '  data-section-bg-repeat='no-repeat'><div class='av-parallax' data-avia-parallax-ratio='0.3' ><div class='av-parallax-inner main_color  avia-full-stretch' style = 'background-color: #ffffff; background-repeat: no-repeat; background-image: url(https:\/\/the-right-direction.de\/cms\/wp-content\/uploads\/2017\/05\/AW_TheRightDirection-366-1.jpg);background-attachment: scroll; background-position: top left; ' ><\/div><\/div><div class='av-section-color-overlay-wrap'><div class='av-section-color-overlay' style='opacity: 0.6; background-color: #ffffff; '><\/div><div class='container' ><main  role=\"main\" itemprop=\"mainContentOfPage\"  class='template-page content  av-content-full alpha units'><div class='post-entry post-entry-type-page post-entry-545'><div class='entry-content-wrapper clearfix'>\n<div  style='padding-bottom:10px; color:#9e9e9e;' class='av-special-heading av-special-heading-h1 custom-color-heading   avia-builder-el-1  el_before_av_one_full  avia-builder-el-first  '><h1 class='av-special-heading-tag '  itemprop=\"headline\"  >Bildungs- und Berufswahl<\/h1><div class='special-heading-border'><div class='special-heading-inner-border' style='border-color:#9e9e9e'><\/div><\/div><\/div>\n<div class=\"flex_column av_one_full  av-animated-generic right-to-left  flex_column_div first  avia-builder-el-2  el_after_av_heading  el_before_av_one_full  \" style='padding:20px; background-color:#e5e5e5; border-radius:0px; '><p><div  class='avia-image-container  av-styling-    avia-builder-el-3  el_before_av_toggle_container  avia-builder-el-first  avia-align-center '  itemprop=\"image\" itemscope=\"itemscope\" itemtype=\"https:\/\/schema.org\/ImageObject\"  ><div class='avia-image-container-inner'><div class='avia-image-overlay-wrap'><img class='avia_image' src='https:\/\/the-right-direction.de\/cms\/wp-content\/uploads\/2017\/05\/AW_TheRightDirection-366-1-1500x430.jpg' alt='' title='The right direction' height=\"430\" width=\"1500\"  itemprop=\"thumbnailUrl\"  \/><\/div><\/div><\/div><br \/>\n<div  class=\"togglecontainer   toggle_close_all  avia-builder-el-4  el_after_av_image  avia-builder-el-last \" >\n<section class=\"av_toggle_section\"  itemscope=\"itemscope\" itemtype=\"https:\/\/schema.org\/CreativeWork\"  >    <div role=\"tablist\" class=\"single_toggle\" data-tags=\"{Alle} \"  >        <p data-fake-id=\"#toggle-id-1\" class=\"toggler \"  itemprop=\"headline\"    role=\"tab\" tabindex=\"0\" aria-controls=\"toggle-id-1-container\">Die Situation <span class=\"toggle_icon\" >        <span class=\"vert_icon\"><\/span><span class=\"hor_icon\"><\/span><\/span><\/p>        <div id=\"toggle-id-1-container\" class=\"toggle_wrap \"  >            <div class=\"toggle_content invers-color \"  itemprop=\"text\"   ><p><span style=\"font-size: 16px;\">Die letzten Jahre haben junge Menschen vor gro\u00dfe Herausforderungen gestellt. Vor der Pandemie wurden existierende Strukturen oftmals kritisch betrachtet, jedoch boten sie auch ein gewisses Ma\u00df an Sicherheit. Nun \u00e4ndern sich fast t\u00e4glich die Rahmenbedingungen. Aktuelle Krisen, politische Diskussionen und m\u00f6gliche Auswirkungen der K\u00fcnstlichen Intelligenz f\u00fchren vielfach zu einer gro\u00dfen Verunsicherung und einem empfundenen Verlust an Planbarkeit.<\/span><\/p>\n<p><span style=\"font-size: 16px;\">H\u00e4ufig wird abgewartet in der Hoffnung, sich so alle Optionen noch offenhalten zu k\u00f6nnen. <span style=\"font-size: 16px;\">Das ist menschlich verst\u00e4ndlich. Leider schr\u00e4nkt man so die eigenen M\u00f6glichkeiten h\u00e4ufig eher ein. Setzt man sich nicht richtig und rechtzeitig mit dem n\u00e4chsten Schritt auseinander, k\u00f6nnen beispielsweise attraktive Optionen oder auch Bewerbungsfristen verstreichen. Im schlimmsten Fall passt eine voreilig oder oberfl\u00e4chlich getroffene Entscheidung nicht zu den individuellen F\u00e4higkeiten, beruflichen Perspektiven und Anspr\u00fcchen an das sp\u00e4tere Leben.\u00a0<\/span><\/span><\/p>\n<p><span style=\"font-size: 16px;\">Famili\u00e4re Rahmenbedingungen kreieren regelm\u00e4\u00dfig eine indirekte Erwartungshaltung. Vielfach sehen viele junge Menschen den Lebensstandard der eigenen Eltern als gegeben an. Es ist Ihnen aber h\u00e4ufig nicht ausreichend bewusst, dass man sich diesen Lebensstil zuerst einmal erarbeiten muss. Selbstverwirklichung und Leidenschaft m\u00fcssen jedoch nicht im Widerspruch dazu stehen. <\/span><\/p>\n<p><span style=\"font-size: 16px;\">Die Eltern sagen: Das eigene Kind soll einfach nur gl\u00fccklich werden. Der Gedanke ist sch\u00f6n, jedoch ist die blo\u00dfe Existenz der Eltern oder Geschwister vielfach schon Erwartungshaltung genug. Schaffe ich das \u00fcberhaupt? Bin ich gut genug? Was m\u00f6chte ich aus meinem Leben machen? Das st\u00e4ndige Durchdenken bisher unbekannter Szenarien, Einfl\u00fcsse durch Social Media, gut gemeinte Tipps von allen Seiten sowie ein \u00dcberangebot von Optionen k\u00f6nnen blockierend wirken. Aktuell gibt es in Deutschland mehr als 320 anerkannte Ausbildungsberufe. An mehr als 390 staatlich anerkannten Hochschulen werden \u00fcber 22.000 Bachelor- und Masterstudieng\u00e4nge angeboten. Das Internet ist dazu voller Informationen, Marketing und unterschiedlicher Meinungen. <\/span><\/p>\n<p><span style=\"font-size: 16px;\">Viele junge Menschen w\u00fcnschen sich f\u00fcr den sp\u00e4teren Beruf spannende und abwechslungsreiche Arbeitsinhalte im Einklang mit einer hohen Lebensqualit\u00e4t, gr\u00f6\u00dftm\u00f6glicher Entscheidungsfreiheit einhergehend mit Sicherheit. Auch soll die T\u00e4tigkeit <\/span><span style=\"font-size: 16px;\">sinnstiftend sein. Das ist m\u00f6glich, es bedarf jedoch einer aktiven Auseinandersetzung mit den eigenen Interessen, F\u00e4higkeiten und Anspr\u00fcchen. Wer bin ich? Was kann ich? Was hat mich gepr\u00e4gt? Welche Erwartungen stelle ich an mein sp\u00e4teres Leben und an meinen ersten richtigen Beruf? M\u00f6chte ich studieren oder passt eine duale Berufsausbildung vielleicht besser zu mir? Beides kombinieren? Welche Informationen helfen mir bei der Entscheidungsfindung? <\/span><span style=\"font-size: 16px;\">Die eigene Bildungswahl ist jedoch nur der Ausgangspunkt f\u00fcr den eigentlichen Bildungsweg. Bildung ist die Grundlage, die Chancen der kommenden Ver\u00e4nderungen nutzen zu k\u00f6nnen.<\/span><\/p>\n<p><span style=\"font-size: 16px;\">Arbeitswelten entwickeln sich rasant weiter. K\u00fcnstliche Intelligenz: Jeder muss sich die Frage stellen, wo man zuk\u00fcnftig als Mensch weiterhin einen Unterschied macht? Sei es die praktische Berufsausbildung oder ein akademischer Werdegang &#8211; es ist wichtiger denn je, den eigenen Lebenslauf neben der fachlichen Bildung durch Praktika, internationale Erfahrungen und dar\u00fcber hinausgehende Kompetenzerweiterungen aktiv und zukunftsorientiert zu gestalten. Eine Pers\u00f6nlichkeit w\u00e4chst an diesen spannenden Erfahrungen. Die Pers\u00f6nlichkeit macht den Unterschied.<\/span><\/p>\n<p><span style=\"font-size: 16px;\">Ja, auch diese Generation hat ihre Herausforderungen, jede Generation geht ihren eigenen Weg. Dieser muss aber nicht alleine beschritten werden.<\/span><\/p>\n            <\/div>        <\/div>    <\/div><\/section>\n<section class=\"av_toggle_section\"  itemscope=\"itemscope\" itemtype=\"https:\/\/schema.org\/CreativeWork\"  >    <div role=\"tablist\" class=\"single_toggle\" data-tags=\"{Alle} \"  >        <p data-fake-id=\"#toggle-id-2\" class=\"toggler \"  itemprop=\"headline\"    role=\"tab\" tabindex=\"0\" aria-controls=\"toggle-id-2-container\">Das Coaching<span class=\"toggle_icon\" >        <span class=\"vert_icon\"><\/span><span class=\"hor_icon\"><\/span><\/span><\/p>        <div id=\"toggle-id-2-container\" class=\"toggle_wrap \"  >            <div class=\"toggle_content invers-color \"  itemprop=\"text\"   ><p><span style=\"font-size: 16px;\">Niemand kann einem eine pers\u00f6nliche Entscheidung abnehmen, aber man kann bestm\u00f6glich darauf vorbereitet werden.<\/span><\/p>\n<p><span style=\"font-size: 16px;\">Grundlage daf\u00fcr ist eine strukturierte Vorgehensweise. In Form von regelm\u00e4\u00dfigen und aufeinander aufbauenden Gespr\u00e4chen wird der Klient durch einen strukturierten Entscheidungsprozess gef\u00fchrt und der Coach steht beratend zur Seite. Der Klient kann sich so selber mit den Themen auseinandersetzen, individuelle Aufgaben bearbeiten und sich eine eigene Meinung bilden. Vor allem gilt es, Transparenz zu schaffen und die Motivation zu st\u00e4rken.<\/span><\/p>\n<p><span style=\"font-size: 16px;\">Sehr wichtig ist die Anleitung zur Selbstst\u00e4ndigkeit \u2013 dies wird erreicht durch gezielte Fragestellungen, unterschiedliche Aufgaben und relevante Informationen. Am Ende des Prozesses trifft der Klient<\/span><span style=\"font-size: 16px;\">\u00a0eine eigene Entscheidung und erh\u00e4lt Hilfestellungen f\u00fcr die konkrete Umsetzung.\u00a0<\/span><span style=\"font-size: 16px;\">Innerhalb eines jeden Moduls dokumentiert der Klient die besprochenen Instrumente. Sie helfen zuk\u00fcnftig, die pers\u00f6nliche Entwicklung in regelm\u00e4\u00dfigen Abst\u00e4nden eigenst\u00e4ndig zu hinterfragen, um eventuelle Ver\u00e4nderungen selbstst\u00e4ndig strukturiert vornehmen zu k\u00f6nnen.<\/span><\/p>\n<p><span style=\"font-size: 16px;\">Betrachtet man den Prozess der individuellen <strong>Bildungs- und Berufswahl<\/strong>, so dient die erste Phase der Zusammenarbeit einer detaillierten Reflexion der pers\u00f6nlichen Interessen, Bed\u00fcrfnisse, F\u00e4higkeiten und Neigungen des Klienten. Von besonderer Bedeutung ist dabei die Erwartungshaltung an den ersten richtigen Beruf und das sp\u00e4tere Leben. Neue Fragestellungen und Aufgaben helfen dabei, sich besser zu reflektieren.\u00a0<\/span><\/p>\n<p><span style=\"font-size: 16px;\">Aus diesem ersten Abschnitt resultiert ein Profil, das die wesentlichen Rahmenbedingungen des Wunschberufs wiedergibt. Darauf aufbauend gilt es im n\u00e4chsten Schritt, den passenden Bildungsweg in dieses Szenario zu definieren. Attraktive Berufsausbildungen und \/ oder Studieng\u00e4nge werden recherchiert und gemeinsam er\u00f6rtert \u2013 positiv wie negativ. Welche Arbeitgeber bzw. Hochschulen bieten die passende Umgebung und Entwicklungsperspektiven? Hilfreich sind in in dieser Betrachtung die Praxiserfahrungen des Coaches. Dar\u00fcber hinaus flie\u00dfen die Eindr\u00fccke anderer Klienten mit ein, die sich bereits im jeweiligen Themenfeld bewegen.<\/span><\/p>\n<p><span style=\"font-size: 16px;\">Abschlie\u00dfend f\u00e4llt der Klient die eigene konkrete Entscheidung hinsichtlich einer Berufsausbildung oder eines Studiengangs. Gemeinsam wird dann eine Liste von passenden Bewerbungsoptionen im In- und \/ oder Ausland erstellt. Der Coach orientiert sich dabei rein an dem gemeinsam erarbeiteten Profil und den W\u00fcnschen des Klienten. Er ber\u00e4t v\u00f6llig unabh\u00e4ngig von jeglicher Institution. <\/span><\/p>\n<p><span style=\"font-size: 16px;\">Auf die Bildungswahl abgestimmt werden ebenfalls Ma\u00dfnahmen zur aktiven Gestaltung des Werdegangs in Form von Praktika, (digitalen \/ sozialen) Zusatzkompetenzen oder auch Auslandsaufenthalten empfohlen.<\/span><\/p>\n<p><span style=\"font-size: 16px;\">Eindr\u00fccke aus dem Coaching:<\/span><\/p>\n<p><span style=\"font-size: 16px;\"><a href=\"https:\/\/www.deutschlandfunkkultur.de\/medizin-studium-oder-schreiner-lehre-coaches-beraten-schulabgaenger-dlf-kultur-6615636a-100.html\" target=\"_blank\" rel=\"noopener\">https:\/\/www.deutschlandfunkkultur.de\/medizin-studium-oder-schreiner-lehre-coaches-beraten-schulabgaenger-dlf-kultur-6615636a-100.html<\/a><\/span><\/p>\n<p><span style=\"font-size: 16px;\">Quelle: Deutschlandfunk Kultur, Beitrag aus der Sendung Echtzeit, Autorin Lena Fuhrmann, 19.08.2023, 16:08 Uhr<\/span><\/p>\n<p><span style=\"font-size: 16px;\">Eine weitere Option ist ein individuelles <strong>Bewerbungscoaching<\/strong> angefangen bei der Vorbereitung der Bewerbungsunterlagen bis hin zu einem detaillierten Training des Auswahlgespr\u00e4chs und \/ oder Assessment Centers.\u00a0<\/span><\/p>\n<p><span style=\"font-size: 16px;\">Auch planen Klienten mit dem Coach zielgerichtete <strong>Orientierungsphasen<\/strong> nach dem Schulabschluss bestehend aus Auslandsaufenthalten, Praktika und auf die sp\u00e4tere berufliche Ausrichtung abgestimmte Kompetenzerweiterungen.\u00a0<\/span><\/p>\n<p><span style=\"font-size: 16px;\">Im weiteren Verlauf ihres Werdegangs nutzen viele Klienten immer wieder die Beratung mit <strong>individuellen Fragestellungen<\/strong> in Bezug auf die n\u00e4chsten Schritte und Entscheidungen.<\/span><\/p>\n            <\/div>        <\/div>    <\/div><\/section>\n<section class=\"av_toggle_section\"  itemscope=\"itemscope\" itemtype=\"https:\/\/schema.org\/CreativeWork\"  >    <div role=\"tablist\" class=\"single_toggle\" data-tags=\"{Alle} \"  >        <p data-fake-id=\"#toggle-id-3\" class=\"toggler \"  itemprop=\"headline\"    role=\"tab\" tabindex=\"0\" aria-controls=\"toggle-id-3-container\">Die Honorarinformationen<span class=\"toggle_icon\" >        <span class=\"vert_icon\"><\/span><span class=\"hor_icon\"><\/span><\/span><\/p>        <div id=\"toggle-id-3-container\" class=\"toggle_wrap \"  >            <div class=\"toggle_content invers-color \"  itemprop=\"text\"   ><p style=\"text-align: justify;\"><span style=\"font-size: 16px;\">Vor einer Beauftragung wird stets ein unverbindliches pers\u00f6nliches oder digitales Vorgespr\u00e4ch angeboten, in dem die Erwartungen des Gespr\u00e4chspartners und die M\u00f6glichkeiten, die ein Coaching bieten kann, erl\u00e4utert werden. W\u00e4hrenddessen stellt der Coach die Vorgehensweise und den Zeitaufwand auf Basis der bisherigen Erfahrungswerte detailliert dar.<\/span><\/p>\n<p style=\"text-align: justify;\"><span style=\"font-size: 16px;\">F\u00fcr ein Coaching mit der Zielsetzung der <strong>Bildungs- und Berufswahl<\/strong> betr\u00e4gt das Honorar 198,- EURO inklusive der gesetzlich g\u00fcltigen Umsatzsteuer (Mehrwertsteuer) f\u00fcr eine Beratungseinheit (45 Minuten). Erfahrungsgem\u00e4\u00df ben\u00f6tigt dieser Prozess vom ersten Gespr\u00e4ch bis zu der konkreten eigenen Entscheidung <strong>acht bis elf Beratungseinheiten<\/strong>, verteilt auf f\u00fcnf bis sieben Besprechungsterminen \u00fcber einen Zeitraum von drei bis vier Wochen hinweg.<\/span><\/p>\n<p style=\"text-align: justify;\"><span style=\"font-size: 16px;\">Die Antwort auf die Frage, wann sich Jugendliche idealerweise mit der eigenen Bildungs- und Berufswahl auseinandersetzen sollten, lautet erfahrungsgem\u00e4\u00df ein- bis eineinhalb Jahre vor dem Schulabschluss. Die konkrete Entscheidung vermittelt oftmals eine noch bessere Motivation, reduziert \u00c4ngste und vermittelt f\u00fcr die letzte Phase der schulischen Ausbildung eine klare Zielsetzung.<\/span><\/p>\n<p style=\"text-align: justify;\"><span style=\"font-size: 16px;\">Darauf aufbauend oder bei einer bereits existierenden, konkreten Zielsetzung davon unabh\u00e4ngig kann der <strong>Bewerbungsprozess<\/strong> ebenfalls individuell begleitet werden. <\/span><span style=\"font-size: 16px;\">M\u00f6glichkeiten sind die gemeinsame Gestaltung der Bewerbungsunterlagen sowie Trainings f\u00fcr Assessment Center und Auswahlgespr\u00e4che. Diese Option ben\u00f6tigt erfahrungsgem\u00e4\u00df <strong>drei bis sieben Beratungseinheiten<\/strong>, verteilt auf zwei bis vier Besprechungsterminen \u00fcber einen Zeitraum von ein bis zwei Wochen hinweg.<\/span><\/p>\n<p style=\"text-align: justify;\"><span style=\"font-size: 16px;\">Die Planung eines <strong>Gap-Years<\/strong> ben\u00f6tigt erfahrungsgem\u00e4\u00df <strong>zwei bis vier Beratungseinheiten<\/strong>, verteilt auf zwei bis drei Besprechungsterminen \u00fcber einen Zeitraum von ein bis zwei Wochen hinweg.<\/span><\/p>\n<p style=\"text-align: justify;\"><span style=\"font-size: 16px;\">Bei anderen individuellen Fragestellungen wird der Aufwand w\u00e4hrend des unverbindlichen Vorgespr\u00e4chs auf Grundlage der Erfahrungswerte detailliert dargestellt.<\/span><\/p>\n<p style=\"text-align: justify;\"><span style=\"font-size: 16px;\">Die Besprechungen finden bei the right direction \u2013 coaching individuals in einer pers\u00f6nlichen und konstruktiven Atmosph\u00e4re statt. <\/span><span style=\"font-size: 16px;\">Nat\u00fcrlich k\u00f6nnen Gespr\u00e4che auch digital durchgef\u00fchrt werden. Auch diese Option wird genutzt und macht erfahrungsgem\u00e4\u00df f\u00fcr die Zusammenarbeit keinen Unterschied. <\/span><span style=\"font-size: 16px;\">Bei externen Besprechungen werden m\u00f6gliche Anfahrtskosten separat vereinbart.<\/span><\/p>\n<p><span style=\"font-size: 16px;\">Aufgrund der Nachfrage kann es zu entsprechenden Vorlaufzeiten bei der Terminierung des unverbindlichen Vorgespr\u00e4ches kommen. Daher wird eine rechtzeitige Reservierung empfohlen.<\/span><\/p>\n            <\/div>        <\/div>    <\/div><\/section>\n<\/div><\/p><\/div><div class=\"flex_column av_one_full  av-animated-generic right-to-left  flex_column_div first  avia-builder-el-5  el_after_av_one_full  el_before_av_one_full  column-top-margin\" style='padding:20px; background-color:#e5e5e5; border-radius:0px; '><p><div  class='avia-image-container avia_animated_image avia_animate_when_almost_visible fade-in av-styling-    avia-builder-el-6  el_before_av_toggle_container  avia-builder-el-first  avia-align-center '  itemprop=\"image\" itemscope=\"itemscope\" itemtype=\"https:\/\/schema.org\/ImageObject\"  ><div class='avia-image-container-inner'><div class='avia-image-overlay-wrap'><img class='avia_image' src='https:\/\/the-right-direction.de\/cms\/wp-content\/uploads\/2020\/10\/DSCF3080-de-scaled.jpg' alt='' title='DSCF3080-de' height=\"882\" width=\"2560\"  itemprop=\"thumbnailUrl\"  \/><\/div><\/div><\/div><br \/>\n<div  class=\"togglecontainer   toggle_close_all  avia-builder-el-7  el_after_av_image  avia-builder-el-last \" >\n<section class=\"av_toggle_section\"  itemscope=\"itemscope\" itemtype=\"https:\/\/schema.org\/CreativeWork\"  >    <div role=\"tablist\" class=\"single_toggle\" data-tags=\"{Alle} \"  >        <p data-fake-id=\"#toggle-id-4\" class=\"toggler \"  itemprop=\"headline\"    role=\"tab\" tabindex=\"0\" aria-controls=\"toggle-id-4-container\">Kurzprofil Claus Caspers<span class=\"toggle_icon\" >        <span class=\"vert_icon\"><\/span><span class=\"hor_icon\"><\/span><\/span><\/p>        <div id=\"toggle-id-4-container\" class=\"toggle_wrap \"  >            <div class=\"toggle_content invers-color \"  itemprop=\"text\"   ><p><span style=\"font-size: 16px;\">Nach dem dualen Studium der Wirtschaftsinformatik f\u00fcr die IBM Informationssysteme GmbH hat Claus Caspers erfolgreich verschiedene Vertriebs- und Managementpositionen im Mittelstands- sowie Gro\u00dfkundenvertrieb bei Ericsson sowie Sony Ericsson durchlaufen. Schwerpunkt dieser T\u00e4tigkeiten waren Aufbauszenarien, die neue Denk- und Vorgehensweisen erforderten.<\/span><\/p>\n<p><span style=\"font-size: 16px;\">Der pers\u00f6nliche Traum war jedoch stets die berufliche Selbstst\u00e4ndigkeit. Parallel zum eigenen Beruf hat er bereits \u00fcber mehrere Jahre hinweg Menschen erfolgreich in Entscheidungssituationen beraten.<\/span><\/p>\n<p><span style=\"font-size: 16px;\">Das eigene Interesse und das Zukunftspotential des Coachingkonzeptes f\u00fchrten im Juni 2007 zu der Gr\u00fcndung von the right direction &#8211; coaching individuals.<\/span><\/p>\n<p><span style=\"font-size: 16px;\">Claus Caspers ist verheiratet, Vater zweier S\u00f6hne und wohnt in Neuss. Seine freie Zeit verbringt er gerne auf dem Mountainbike oder in der Natur.<\/span><\/p>\n<div  class='avia-button-wrap avia-button-left  avia-builder-el-8  avia-builder-el-no-sibling ' ><a href='https:\/\/the-right-direction.de\/cms\/wp-content\/uploads\/2025\/06\/CV_CC.pdf'  class='avia-button   avia-icon_select-yes-left-icon avia-color-theme-color avia-size-medium avia-position-left '   ><span class='avia_button_icon avia_button_icon_left ' aria-hidden='true' data-av_icon='\ue835' data-av_iconfont='entypo-fontello'><\/span><span class='avia_iconbox_title' >PDF DOWNLOAD<\/span><\/a><\/div>\n<p><span style=\"font-size: 16px;\"><strong>\u00a0<\/strong><\/span><\/p>\n            <\/div>        <\/div>    <\/div><\/section>\n<section class=\"av_toggle_section\"  itemscope=\"itemscope\" itemtype=\"https:\/\/schema.org\/CreativeWork\"  >    <div role=\"tablist\" class=\"single_toggle\" data-tags=\"{Alle} \"  >        <p data-fake-id=\"#toggle-id-5\" class=\"toggler \"  itemprop=\"headline\"    role=\"tab\" tabindex=\"0\" aria-controls=\"toggle-id-5-container\">Kontakt<span class=\"toggle_icon\" >        <span class=\"vert_icon\"><\/span><span class=\"hor_icon\"><\/span><\/span><\/p>        <div id=\"toggle-id-5-container\" class=\"toggle_wrap \"  >            <div class=\"toggle_content invers-color \"  itemprop=\"text\"   ><p style=\"text-align: justify;\"><span class=\"\">the right direction \u2013 coaching individuals<\/span><br class=\"\" \/><span class=\"\">Claus Caspers<\/span><br class=\"\" \/><span class=\"\">Drususallee 15<\/span><br class=\"\" \/><span class=\"\">41460 Neuss<\/span><br class=\"\" \/><span class=\"\">E-Mail:\u00a0 <a class=\"\" href=\"mailto:kontakt@therightdirection.de\">kontakt@therightdirection.de<br class=\"\" \/><\/a>Phone: +49 (0) 2131 7789881<\/span><\/p>\n            <\/div>        <\/div>    <\/div><\/section>\n<\/div><\/p><\/div><div class=\"flex_column av_one_full  av-animated-generic right-to-left  flex_column_div first  avia-builder-el-9  el_after_av_one_full  el_before_av_button  column-top-margin\" style='padding:20px; background-color:#e5e5e5; border-radius:0px; '><p><div  class='avia-image-container  av-styling-    avia-builder-el-10  el_before_av_toggle_container  avia-builder-el-first  avia-align-center '  itemprop=\"image\" itemscope=\"itemscope\" itemtype=\"https:\/\/schema.org\/ImageObject\"  ><div class='avia-image-container-inner'><div class='avia-image-overlay-wrap'><img class='avia_image' src='https:\/\/the-right-direction.de\/cms\/wp-content\/uploads\/2017\/05\/AW_TheRightDirection-402-1500x430.jpg' alt='' title='The right direction' height=\"430\" width=\"1500\"  itemprop=\"thumbnailUrl\"  \/><\/div><\/div><\/div><br \/>\n<div  class=\"togglecontainer   toggle_close_all  avia-builder-el-11  el_after_av_image  avia-builder-el-last \" >\n<section class=\"av_toggle_section\"  itemscope=\"itemscope\" itemtype=\"https:\/\/schema.org\/CreativeWork\"  >    <div role=\"tablist\" class=\"single_toggle\" data-tags=\"{Alle} \"  >        <p data-fake-id=\"#toggle-id-6\" class=\"toggler \"  itemprop=\"headline\"    role=\"tab\" tabindex=\"0\" aria-controls=\"toggle-id-6-container\">Der Leitfaden<span class=\"toggle_icon\" >        <span class=\"vert_icon\"><\/span><span class=\"hor_icon\"><\/span><\/span><\/p>        <div id=\"toggle-id-6-container\" class=\"toggle_wrap \"  >            <div class=\"toggle_content invers-color \"  itemprop=\"text\"   ><p><span style=\"font-size: 16px;\">Aus dem Vortag &#8222;Ein erster Leitfaden f\u00fcr die Bildungswahl\u201c entstand ein ePaper, das Sie sich gerne im Folgenden kostenfrei herunterladen k\u00f6nnen.<\/span><\/p>\n<div  class='avia-button-wrap avia-button-left  avia-builder-el-12  avia-builder-el-no-sibling ' ><a href='https:\/\/the-right-direction.de\/cms\/wp-content\/uploads\/2026\/02\/Leitfaden_2026.pdf'  class='avia-button   avia-icon_select-no avia-color-theme-color avia-size-medium avia-position-left '  target=\"_blank\"   ><span class='avia_iconbox_title' >Leitfaden download<\/span><\/a><\/div>\n            <\/div>        <\/div>    <\/div><\/section>\n<section class=\"av_toggle_section\"  itemscope=\"itemscope\" itemtype=\"https:\/\/schema.org\/CreativeWork\"  >    <div role=\"tablist\" class=\"single_toggle\" data-tags=\"{Alle} \"  >        <p data-fake-id=\"#toggle-id-7\" class=\"toggler \"  itemprop=\"headline\"    role=\"tab\" tabindex=\"0\" aria-controls=\"toggle-id-7-container\">Die Termine<span class=\"toggle_icon\" >        <span class=\"vert_icon\"><\/span><span class=\"hor_icon\"><\/span><\/span><\/p>        <div id=\"toggle-id-7-container\" class=\"toggle_wrap \"  >            <div class=\"toggle_content invers-color \"  itemprop=\"text\"   ><p style=\"text-align: justify;\">the right direction \u2013 coaching individuals bietet den kostenfreien Schulvortrag \u201eEin erster Leitfaden f\u00fcr die Bildungswahl\u201c an.<\/p>\n<p><strong>Termine<br \/>\n<\/strong><\/p>\n<p>02.02.2026, Gymnasium Korschenbroich, Korschenbroich, \u201eEin erster Leitfaden f\u00fcr die Bildungswahl\u201c<\/p>\n<p>09.12.2025, St. Ursula Gymnasium, D\u00fcsseldorf, \u201eEin erster Leitfaden f\u00fcr die Bildungswahl\u201c<\/p>\n<p>24.11.2025, Freies Christliches Gymnasium, D\u00fcsseldorf, \u201eEin erster Leitfaden f\u00fcr die Bildungswahl\u201c<\/p>\n<p>18.11.2025, Quirinus Gymnasium, Neuss, \u201eEin erster Leitfaden f\u00fcr die Bildungswahl\u201c<\/p>\n<p>11.11.2025, AEG, Kaarst, \u201eEin erster Leitfaden f\u00fcr die Bildungswahl\u201c<\/p>\n<p>30.09.2025, Matar\u00e9 Gymansium, Meerbusch, \u201eEin erster Leitfaden f\u00fcr die Bildungswahl\u201c<\/p>\n<p>17.03.2025, Gymnasium Korschenbroich, Korschenbroich, \u201eEin erster Leitfaden f\u00fcr die Bildungswahl\u201c<\/p>\n<p>09.12.2024, St. Ursula Gymnasium, D\u00fcsseldorf, \u201eEin erster Leitfaden f\u00fcr die Bildungswahl\u201c<\/p>\n<p>04.12.2024, Quirinus Gymnasium, Neuss, \u201eEin erster Leitfaden f\u00fcr die Bildungswahl\u201c<\/p>\n<p>26.11.2024, Freies Christliches Gymnasium, D\u00fcsseldorf, \u201eEin erster Leitfaden f\u00fcr die Bildungswahl\u201c<\/p>\n<p>13.11.2024, Matar\u00e9 Gymansium, Meerbusch, \u201eEin erster Leitfaden f\u00fcr die Bildungswahl\u201c<\/p>\n<p>06.11.2024, Erzbisch\u00f6fliches Suitbertus Gymnasium, Kaiserswerth, \u201eEin Leitfaden f\u00fcr die Bildungswahl&#8220;<\/p>\n<p>31.01.2024, Erasmus Gymnasium, Grevenbroich, \u201eEin erster Leitfaden f\u00fcr die Bildungswahl&#8220;<\/p>\n<p>15.11.2023, Erzbisch\u00f6fliches Suitbertus Gymnasium, Kaiserswerth, \u201eEin Leitfaden f\u00fcr die Studienwahl&#8220;<\/p>\n<p>13.11.2023, Freies Christliches Gymnasium, D\u00fcsseldorf, \u201eEin Leitfaden f\u00fcr die Studienwahl\u201c<\/p>\n<p>08.11.2023, St. Ursula Gymnasium, D\u00fcsseldorf, \u201eEin Leitfaden f\u00fcr die Studienwahl\u201c<\/p>\n<p>06.11.2023, AEG, Kaarst, \u201eEin Leitfaden f\u00fcr die Studienwahl\u201c<\/p>\n<div class=\"\">\n<div class=\"\">\n<p>30.10.2023, Quirinus Gymnasium, Neuss, \u201eEin Leitfaden f\u00fcr die Studienwahl\u201c<\/p>\n<p>25.10.2023, St\u00e4dtisches Meerbusch Gymnasium, Meerbusch, \u201eEin Leitfaden f\u00fcr die Studienwahl&#8220;<\/p>\n<p>18.10.2023, Matar\u00e9 Gymansium, Meerbusch, \u201eEin Leitfaden f\u00fcr die Studienwahl\u201c<\/p>\n<\/div>\n<\/div>\n<p>25.09.2023, Gymnasium Korschenbroich, Korschenbroich, \u201eEin Leitfaden f\u00fcr die Studienwahl\u201c<\/p>\n<p>11.01.2023, Quirinus Gymnasium, Neuss, \u201eEin Leitfaden f\u00fcr die Studienwahl\u201c<\/p>\n<p>25.10.2022, AEG, Kaarst, \u201eEin Leitfaden f\u00fcr die Studienwahl\u201c<\/p>\n<p>26.09.2022, Gymnasium Korschenbroich, Korschenbroich, \u201eEin Leitfaden f\u00fcr die Studienwahl\u201c<\/p>\n<p>15.09.2022, Freies Christliches Gymnasium, D\u00fcsseldorf, \u201eEin Leitfaden f\u00fcr die Studienwahl\u201c<\/p>\n<p>12.09.2022, St. Ursula Gymnasium, D\u00fcsseldorf, \u201eEin Leitfaden f\u00fcr die Studienwahl\u201c<\/p>\n<p>08.09.2022, Erzbisch\u00f6fliches Suitbertus Gymnasium, Kaiserswerth, \u201eEin Leitfaden f\u00fcr die Studienwahl&#8220;<\/p>\n<div class=\"\">\n<div class=\"\">\n<p>30.01.2020, Freies Christliches Gymnasium, D\u00fcsseldorf, \u201eEin Leitfaden f\u00fcr die Studienwahl\u201c<\/p>\n<\/div>\n<div class=\"\"><\/div>\n<div class=\"\"><\/div>\n<div class=\"\">\n<p>20.01.2019, Gymnasium Korschenbroich, Korschenbroich, \u201eEin Leitfaden f\u00fcr die Studienwahl\u201c<\/p>\n<\/div>\n<div class=\"\"><\/div>\n<div class=\"\"><\/div>\n<div class=\"\">\n<p>18.12.2019, Gymnasium Zitadelle, J\u00fclich, \u201eEin Leitfaden f\u00fcr die Studienwahl\u201c<\/p>\n<\/div>\n<div class=\"\"><\/div>\n<div class=\"\">\n<p>28.10.2019, Matar\u00e9 Gymansium, Meerbusch, \u201eEin Leitfaden f\u00fcr die Studienwahl\u201c<\/p>\n<\/div>\n<\/div>\n<div class=\"\">\n<div class=\"\"><\/div>\n<div class=\"\">\n<p>25.09.2019, Erzbisch\u00f6fliches Suitbertus Gymnasium, Kaiserswerth, \u201eEin Leitfaden f\u00fcr die Studienwahl&#8220;<\/p>\n<\/div>\n<div class=\"\"><\/div>\n<div class=\"\">\n<p>18.09.2019, St. Ursula Gymnasium, D\u00fcsseldorf, \u201eEin Leitfaden f\u00fcr die Studienwahl\u201c<\/p>\n<\/div>\n<p>20.03.2019, Erftgymnasium, Bergheim, \u201eEin Leitfaden f\u00fcr die Studienwahl&#8220;<\/p>\n<p>21.02.2019, Erasmus Gymnasium, Grevenbroich, \u201eEin Leitfaden f\u00fcr die Studienwahl&#8220;<\/p>\n<p>07.02.2019, Freies Christliches Gymnasium, D\u00fcsseldorf, \u201eEin Leitfaden f\u00fcr die Studienwahl&#8220;<\/p>\n<p>14.11.2018, Gutenberg Gymnasium, Bergheim, \u201eEin Leitfaden f\u00fcr die Studienwahl&#8220;<\/p>\n<p>07.11.2018, Erzbisch\u00f6fliches Suitbertus Gymnasium, Kaiserswerth, \u201eEin Leitfaden f\u00fcr die Studienwahl&#8220;<\/p>\n<p>10.10.2018, M\u00e4dchen Gymnasium, J\u00fclich, \u201eEin Leitfaden f\u00fcr die Studienwahl&#8220;<\/p>\n<p>25.09.2018, Silverberg Gymnasium, Bedburg, \u201eEin Leitfaden f\u00fcr die Studienwahl&#8220;<\/p>\n<p>18.09.2018, St. Ursula Gymnasium, D\u00fcsseldorf, \u201eEin Leitfaden f\u00fcr die Studienwahl\u201c<\/p>\n<\/div>\n<div class=\"\">\n<p>13.03.2018,\u00a0Silverberg Gymnasium, Bedburg &#8222;Leitfaden f\u00fcr die Studienwahl&#8220;<\/p>\n<p>28.02.2018, Erftgymnasium, Bergheim \u201eEin Leitfaden f\u00fcr die Studienwahl&#8220;<\/p>\n<p>30.01.2017, Freies Christliches Gymnasium, D\u00fcsseldorf, \u201eEin Leitfaden f\u00fcr die Studienwahl\u201c<\/p>\n<p>11.01.2018, Gutenberg Gymnasium, Bergheim, \u201eEin Leitfaden f\u00fcr die Studienwahl&#8220;<\/p>\n<p>13.12.2017, Gymnasium Zitadelle, J\u00fclich, \u201eEin Leitfaden f\u00fcr die Studienwahl&#8220;<\/p>\n<p>23.11.2017, ISD, Kaiserswerth, \u201eEin Leitfaden f\u00fcr die Studienwahl&#8220;<\/p>\n<p>28.10.2017, St\u00e4dtisches Meerbusch Gymnasium, Meerbusch, \u201eEin Leitfaden f\u00fcr die Studienwahl&#8220;<\/p>\n<p>13.10.2017, Erzbisch\u00f6fliches Suitbertus Gymnasium, Kaiserswerth, \u201eKickOff Praktikum&#8220;<\/p>\n<p>11.10.2017, Erzbisch\u00f6fliches Suitbertus Gymnasium, Kaiserswerth, \u201eEin Leitfaden f\u00fcr die Studienwahl&#8220;<\/p>\n<p>27.09.2017, M\u00e4dchen Gymnasium, J\u00fclich, \u201eEin Leitfaden f\u00fcr die Studienwahl&#8220;<\/p>\n<p>20.09.2017, St. Ursula Gymnasium, D\u00fcsseldorf, \u201eEin Leitfaden f\u00fcr die Studienwahl&#8220;<\/p>\n<p>19.05.2017, ISD, Kaiserswerth, &#8222;Your first Placement&#8220;<\/p>\n<\/div>\n<p style=\"text-align: justify;\">15.03.2017, Erftgymnasium, Bergheim, &#8222;Ein Leitfaden f\u00fcr die Studienwahl&#8220;<\/p>\n<p>25.01.2017, Freies Christliches Gymnasium, D\u00fcsseldorf, &#8222;Ein Leitfaden f\u00fcr die Studienwahl&#8220;<\/p>\n<p>01.12.2016, ISD, Kaiserswerth, \u201eEin Leitfaden f\u00fcr die Studienwahl&#8220;<\/p>\n<p>09.11.2016, Gutenberg Gymnasium, Bergheim, &#8222;Ein Leitfaden f\u00fcr die Studienwahl&#8220;<\/p>\n<p>02.11.2016, St. Ursula Gymnasium, D\u00fcsseldorf, &#8222;Ein Leitfaden f\u00fcr die Studienwahl&#8220;<\/p>\n<p>24.10.2016,\u00a0Erzbisch\u00f6fliches Suitbertus Gymnasium, Kaiserswerth,\u00a0\u201eEin Leitfaden f\u00fcr die Studienwahl&#8220;<\/p>\n<p>22.09.2016, M\u00e4dchen Gymnasium, J\u00fclich, \u201eEin Leitfaden f\u00fcr die Studienwahl&#8220;<\/p>\n<p>07.07.2016,\u00a0Erzbisch\u00f6fliches Suitbertus Gymnasium, Kaiserswerth, &#8222;Workshop Nachbereitung Praktikum&#8220;<\/p>\n<p>06.07.2016,\u00a0Erzbisch\u00f6fliches Suitbertus Gymnasium, Kaiserswerth, &#8222;Workshop Nachbereitung Praktikum\u201c<\/p>\n<p>24.02.2016, Erftgymnasium, Bergheim, &#8222;Ein Leitfaden f\u00fcr die Studienwahl&#8220;<\/p>\n<p>18.02.2016, Erasmus Gymnasium, Grevenbroich, &#8222;Ein Leitfaden f\u00fcr die Studienwahl&#8220;<\/p>\n<p>20.01.2016, Freies Christliches Gymnasium, D\u00fcsseldorf, &#8222;Ein Leitfaden f\u00fcr die Studienwahl&#8220;<\/p>\n<p>17.12.2015, Gymnasium Zitadelle, J\u00fclich, &#8222;Ein Leitfaden f\u00fcr die Studienwahl&#8220;<\/p>\n<p>05.11.2015, Gutenberg Gymnasium, Bergheim, &#8222;Ein Leitfaden f\u00fcr die Studienwahl&#8220;<\/p>\n<p>21.10.2015, St\u00e4dtisches Meerbusch Gymnasium, Meerbusch, &#8222;Ein Leitfaden f\u00fcr die Studienwahl&#8220;<\/p>\n<p>01.10.2015, Erzbisch\u00f6fliches Suitbertus Gymnasium, Kaiserswerth, &#8222;Ein Leitfaden f\u00fcr die Studienwahl&#8220;<\/p>\n<p>21.09.2015, Gymnasium Korschenbroich, &#8222;Ein Leitfaden f\u00fcr die Studienwahl&#8220;<\/p>\n<p>10.09.2015, St. Ursula Gymnasium, D\u00fcsseldorf, &#8222;Ein Leitfaden f\u00fcr die Studienwahl&#8220;<\/p>\n<p>01.09.2015,\u00a0Erzbisch\u00f6fliches Suitbertus Gymnasium, Kaiserswerth, \u201eWorkshop Praktikum\u201c<\/p>\n<p>06.03.2014, Erasmus Gymnasium, Grevenbroich, &#8222;Ein Leitfaden f\u00fcr die Studienwahl&#8220;<\/p>\n<p>05.02.2014, Maria-Sibylla-Merian Gymnasium, Krefeld,\u00a0&#8222;Ein Leitfaden f\u00fcr die Studienwahl&#8220;<\/p>\n<p>29.01.2014, ISD, Kaiserswerth, &#8222;Ein Leitfaden f\u00fcr die Studienwahl&#8220;<\/p>\n<p>21.01.2014, Freies Christliches Gymnasium, D\u00fcsseldorf, &#8222;Ein Leitfaden f\u00fcr die Studienwahl&#8220;<\/p>\n<p>15.01.2014, Quirinus Gymnasium, Neuss, &#8222;Ein Leitfaden f\u00fcr die Studienwahl&#8220;<\/p>\n<p>18.12.2013, Gymnasium Zitadelle, J\u00fclich, &#8222;Ein Leitfaden f\u00fcr die Studienwahl&#8220;<\/p>\n<p>21.11.2013, Gutenberg-Gymnasium, Bergheim &#8222;Ein Leitfaden f\u00fcr die Studienwahl&#8220;<\/p>\n<p>14.11.2013, St\u00e4dtisches Meerbusch Gymnasium, Meerbusch,\u00a0&#8222;Ein Leitfaden f\u00fcr die Studienwahl&#8220;<\/p>\n<p>09.10.2013, Erzbisch\u00f6fliches Suitbertus\u00a0Gymnasium, Kaiserswerth, &#8222;Ein Leitfaden f\u00fcr die Studienwahl&#8220;<\/p>\n<p>02.10.2013, St. Ursula Gymnasium, D\u00fcsseldorf, &#8222;Ein Leitfaden f\u00fcr die Studienwahl&#8220;<\/p>\n<p>23.09.2013, Gymnasium Korschenbroich, Korschenbroich &#8222;Ein Leitfaden f\u00fcr die Studienwahl&#8220;<\/p>\n<p>23.05.2013, Silverberg Gymnasium, Bedburg, &#8222;Ein Leitfaden f\u00fcr die Studienwahl&#8220;<\/p>\n<p>11.04.2013, Erasmus Gymnasium, Grevenbroich, &#8222;Ein Leitfaden f\u00fcr die Studienwahl&#8220;<\/p>\n<p>05.02.2013, Maria-Sibylla-Merian Gymnasium, Krefeld, &#8222;Ein Leitfaden f\u00fcr das Studium&#8220;<\/p>\n<p>30.01.2013, M\u00e4dchen Gymnasium, J\u00fclich, &#8222;Ein Leitfaden f\u00fcr die Studienwahl&#8220;<\/p>\n<p>21.01.2013, ISD, Kaiserswerth, &#8222;Ein Leitfaden f\u00fcr das Studium&#8220;<\/p>\n<p>15.01.2013, Freies Christliches Gymnasium, D\u00fcsseldorf, &#8222;Ein Leitfaden f\u00fcr die Studienwahl&#8220;<\/p>\n<p>18.12.2012, Matar\u00e9 Gymnasium, Meerbusch, &#8222;Ein Leitfaden f\u00fcr die Studienwahl&#8220;<\/p>\n<p>13.12.2012, Gymnasium Zitadelle, J\u00fclich, &#8222;Ein Leitfaden f\u00fcr die Studienwahl&#8220;<\/p>\n<p>06.12.2012, St\u00e4dtisches Meerbusch Gymnasium, Meerbusch, &#8222;Ein Leitfaden f\u00fcr die Studienwahl&#8220;<\/p>\n<p>27.11.2012, St. Ursula Gymnasium, D\u00fcsseldorf, &#8222;Ein Leitfaden f\u00fcr das Studium&#8220;<\/p>\n<p>21.11.2012, Gutenberg-Gymnasium, Bergheim, &#8222;Ein Leitfaden f\u00fcr die Studienwahl&#8220;<\/p>\n<p>12.11.2012, Quirinus Gymnasium, Neuss, &#8222;Ein Leitfaden f\u00fcr die Studienwahl&#8220;<\/p>\n<p>08.11.2012, Erzbisch\u00f6fliches Suitbertus Gymnasium, Kaiserswerth, &#8222;Ein Leitfaden f\u00fcr die Studienwahl&#8220;<\/p>\n<p>14.06.2012, Franz-Meyers-Gymnasium, M\u00f6nchengladbach, &#8222;Ein Leitfaden f\u00fcr das Studium&#8220;<\/p>\n<p>04.06.2012, Ricarda Huch Gymnasium, Krefeld, &#8222;Workshop Studienwahl&#8220;<\/p>\n<p>07.05.2012, M\u00e4dchen Gymnasium, J\u00fclich, &#8222;Ein Leitfaden f\u00fcr das Studium&#8220;<\/p>\n<p>27.03.2012, Erzbisch\u00f6fliches Suitbertus Gymnasium, Kaiserswerth, &#8222;Workshop Nachbereitung Praktikum&#8220;<\/p>\n<p>26.03.2012, Erzbisch\u00f6fliches Suitbertus Gymnasium, Kaiserswerth, &#8222;Workshop Nachbereitung Praktikum&#8220;<\/p>\n<p>07.03.2012, Erzbisch\u00f6fliches Suitbertus Gymnasium, Kaiserswerth, &#8222;Ein Leitfaden f\u00fcr das Praktikum&#8220;<\/p>\n<p>17.02.2012, Alexander von Humboldt Gymnasium, Neuss, &#8222;Ein Leitfaden f\u00fcr das Studium&#8220;<\/p>\n<p>14.02.2012, St. Ursula Gymnasium, D\u00fcsseldorf, &#8222;Meine Zukunftsplanung &#8211; Workshop zu den Themen Karrierefaktoren, Informationsrecherche, Studienentscheidung und Bewerbungsverfahren&#8220;<\/p>\n<p>26.01.2012, Erftgymnasium, Bergheim, &#8222;Ein Leitfaden f\u00fcr das Studium&#8220;<\/p>\n<p>19.01.2012, St. Ursula Gymnasium, D\u00fcsseldorf, &#8222;Offene Gespr\u00e4chsrunde &#8211; Selbstverst\u00e4ndnis, Hoffnungen und Herausforderungen des leistungsstarken Sch\u00fclers&#8220;<\/p>\n<p>09.01.2012, Silverberg Gymnasium, Bedburg, &#8222;Ein Leitfaden f\u00fcr das Studium&#8220;<\/p>\n<p>07.12.2011, Gymnasium Zitadelle, J\u00fclich, &#8222;Ein Leitfaden f\u00fcr das Studium&#8220;<\/p>\n<p>23.11.2011, Ricarda Huch Gymnasium, Krefeld, &#8222;Wege nach dem Abitur&#8220;<\/p>\n<p style=\"text-align: justify;\">15.11.2011, Gutenberg Gymnasium, Bergheim, &#8222;Ein Leitfaden f\u00fcr das Studium&#8220;<\/p>\n<p>10.11.2011, St. Ursula Gymnasium, D\u00fcsseldorf, &#8222;Ein Leitfaden f\u00fcr das Studium&#8220;<\/p>\n<p>08.11.2011, St\u00e4dtisches Meerbusch Gymnasium, &#8222;Ein Leitfaden f\u00fcr das Studium&#8220;<\/p>\n<p>19.10.2011, Erzbisch\u00f6fliches Suitbertus Gymnasium, &#8222;Ein Leitfaden f\u00fcr das Studium&#8220;<\/p>\n<p>12.10.2011, Freies Christliches Gymnasium, D\u00fcsseldorf, &#8222;Ein Leitfaden f\u00fcr das Studium&#8220;<\/p>\n<p>10.10.2011, ISD, Kaiserswerth, &#8222;Ein Leitfaden f\u00fcr das Studium&#8220;<\/p>\n<p>06.10.2011, Matar\u00e9 Gymnasium, Meerbusch, &#8222;Ein Leitfaden f\u00fcr das Studium&#8220;<\/p>\n<p>27.09.2011, Maria-Sibylla-Merian Gymnasium, Krefeld, &#8222;Ein Leitfaden f\u00fcr das Studium&#8220;<\/p>\n<p>18.05.2011, Quirinus Gymnasium, Neuss, &#8222;Ein Leitfaden f\u00fcr das Studium&#8220;<\/p>\n<p>03.05.2011, Gutenberg Gymnasium, Bergheim, &#8222;Ein Leitfaden f\u00fcr das Studium&#8220;<\/p>\n<p>14.04.2011, Erzbisch\u00f6fliches Suitbertus Gymnasium, Kaiserswerth, &#8222;Workshop Nachbereitung Pratkikum&#8220;<\/p>\n<p>13.04.2011, Erzbisch\u00f6fliches Suitbertus Gymnasium, Kaiserswerth, &#8222;Workshop Nachbereitung Praktikum&#8220;<\/p>\n<p>14.03.2011, Erzbisch\u00f6fliches Suitbertus Gymnasium, Kaiserswerth, &#8222;Workshop Vorbereitung Praktikum&#8220;<\/p>\n<p>10.02.2011, Erasmus Gymnasium, Grevenbroich, &#8222;Ein Leitfaden f\u00fcr das Studium&#8220;<\/p>\n<p>16.12.2010, Gymnasium Zitadelle, J\u00fclich, &#8222;Ein Leitfaden f\u00fcr das Studium&#8220;<\/p>\n<p>09.12.2010, Erftgymnasium, Bergheim, &#8222;Ein Leitfaden f\u00fcr das Studium&#8220;<\/p>\n<p>02.12.2010, Gymnasium am Stadtpark, Krefeld, &#8222;Ein Leitfaden f\u00fcr das Studium&#8220;<\/p>\n<p>29.11.2010, Silverberg Gymnasium, Bedburg, &#8222;Ein Leitfaden f\u00fcr das Studium&#8220;<\/p>\n<p>25.11.2010, Ricarda Huch Gymnasium, Krefeld, &#8222;Ein Leitfaden f\u00fcr das Studium&#8220;<\/p>\n<p>22.11.2010, Alexander von Humboldt Gymnasium, Neuss, &#8222;Ein Leitfaden f\u00fcr das Studium&#8220;<\/p>\n<p>18.11.2010, Arndt Gymnasium, Krefeld, &#8222;Ein Leitfaden f\u00fcr das Studium&#8220;<\/p>\n<p>02.11.2010, St\u00e4dtisches Meerbusch Gymnasium, Meerbusch, &#8222;Ein Leitfaden f\u00fcr das Studium&#8220;<\/p>\n<p>29.10.2010, Otto Pankok Gymnasium, M\u00fclheim a.d. Ruhr, &#8222;Die Planung meines beruflichen Werdegangs &amp; Lebenswegs&#8220;<\/p>\n<p>05.10.2010, Freies Christliches Gymnasium, D\u00fcsseldorf, &#8222;Ein Leitfaden f\u00fcr das Studium&#8220;<\/p>\n<p>30.09.2010, Silverberg Gymnasium, Bedburg, &#8222;Ein Leitfaden f\u00fcr das Studium&#8220;<\/p>\n<p>28.09.2010, Suitbertus Gymnasium, Kaiserswerth, &#8222;Ein Leitfaden f\u00fcr das Studium&#8220;<\/p>\n<p>22.09.2010, ISD, Kaiserswerth, &#8222;Ein Leitfaden f\u00fcr das Studium&#8220;<\/p>\n<p>13.09.2010, Viktoria-Gymnasium, Essen, &#8222;Ein Leitfaden f\u00fcr das Studium&#8220;<\/p>\n<p>09.09.2010, Matar\u00e9 Gymnasium, Meerbusch, &#8222;Ein Leitfaden f\u00fcr das Studium&#8220;<\/p>\n<p>02.09.2010, St. Ursula Gymnasium, D\u00fcsseldorf, &#8222;Ein Leitfaden f\u00fcr das Studium&#8220;<\/p>\n<p>20.08.2010, ISD, Kaiserswerth, &#8222;Internship Kick-off&#8220;<\/p>\n<p>18.03.2010, Hildegard-von-Bingen-Gymnasium, K\u00f6ln, &#8222;Ein Leitfaden f\u00fcr das Studium&#8220;<\/p>\n<p>23.02.2010, Silverberg Gymnasium, Bedburg, &#8222;Wie plane ich meinen beruflichen Werdegang&#8220;<\/p>\n<p>04.02.2010, Erasmus Gymnasium, Grevenbroich, &#8222;Ein Leitfaden f\u00fcr das Studium&#8220;<\/p>\n<p>03.02.2010, ISD, Kaiserswerth, &#8222;Der Entscheidungsprozess und die Bewerbung f\u00fcr das\u00a0passende Studium&#8220;<\/p>\n<p>20.01.2010, ISD, Kaiserswerth, &#8222;Wichtige Karrierefaktoren&#8220;<\/p>\n<p>13.01.2010, St\u00e4dtisches Meerbusch Gymnasium, Meerbusch, &#8222;Ein Leitfaden f\u00fcr das Studium&#8220;<\/p>\n<p>10.12.2009, Erftgymnasium, Bergheim, &#8222;Ein Leitfaden f\u00fcr das Studium&#8220;<\/p>\n<p>09.12.2009, Viktoria-Gymnasium, Essen, &#8222;Wichtige Karrierefaktoren &amp; Entscheidungen treffen&#8220;<\/p>\n<p>25.11.2009, Franz-Meyers-Gymnasium, M\u00f6nchengladback &#8222;Ein Leitfaden f\u00fcr das Studium&#8220;<\/p>\n<p>19.11.2009, Arndt Gymnasium, Krefeld, &#8222;Ein Leitfaden f\u00fcr das Studium&#8220;<\/p>\n<p>17.11.2009, St. Ursula Gymnasium, D\u00fcsseldorf, &#8222;Ein Leitfaden f\u00fcr das Studium&#8220;<\/p>\n<p>12.11.2009, Maria-Sibylla-Merian Gymnasium, Krefeld, &#8222;Ein Leitfaden f\u00fcr das Studium&#8220;<\/p>\n<p>11.11.2009, Internationale Schule am Rhein, &#8222;Ein Leitfaden f\u00fcr das Studium&#8220;<\/p>\n<p>10.11.2009, Quirinus Gymnasium, Neuss, &#8222;Ein Leitfaden f\u00fcr das Studium&#8220;<\/p>\n<p>05.11.2009, Marie Curie Gymnasium, Neuss, &#8222;Ein Leitfaden f\u00fcr das Studium&#8220;<\/p>\n<p>03.11.2009, Alexander-von-Humboldt-Gymnasium, Neuss, &#8222;Ein Leitfaden f\u00fcr das Studium&#8220;<\/p>\n<p>30.10.2009, Otto Pankok Gymnasium, M\u00fclheim a.d. Ruhr, &#8222;Entscheidungen f\u00e4llen &#8211; die Wahl des\u00a0individuell passenden Bildungswegs&#8220;<\/p>\n<p>29.10.2009, Otto Pankok Schule, M\u00fclheim a.d. Ruhr, &#8222;Wichtige Karrierefaktoren &amp; Entscheidungen\u00a0f\u00e4llen&#8220;<\/p>\n<p>27.10.2009, Gymnasium am Stadtpark, Krefeld, &#8222;Ein Leitfaden f\u00fcr das Studium&#8220;<\/p>\n<p>08.10.2009, Gymnasium Zitadelle, J\u00fclich, &#8222;Ein Leitfaden f\u00fcr das Studium&#8220;<\/p>\n<p>24.09.2009, Ricarda-Huch-Gymnasium, Krefeld, &#8222;Ein Leitfaden f\u00fcr das Studium&#8220;<\/p>\n<p>22.09.2009, Viktoria-Gymnasium, Essen, &#8222;Ein Leitfaden f\u00fcr das Studium&#8220;<\/p>\n<p>21.09.2009, Matar\u00e9 Gymnasium, Meerbusch, &#8222;Ein Leitfaden f\u00fcr das Studium&#8220;<\/p>\n<p>14.09.2009, Freies Christliches Gymnasium, D\u00fcsseldorf, &#8222;Ein Leitfaden f\u00fcr das Studium&#8220;<\/p>\n<p>10.09.2009, Suitbertus Gymnasium, Kaiserswerth, &#8222;Ein Leitfaden f\u00fcr das Studium&#8220;<\/p>\n<p>08.09.2009, Otto Pankok Schule, M\u00fclheim a.d. Ruhr, &#8222;Ein Leitfaden f\u00fcr das Studium&#8220;<\/p>\n<p>31.08.2009, ISD, Kaiserswerth, &#8222;Preparation for your first placement&#8220;<\/p>\n<p>29.06.2009, Cecilien Gymnasium, D\u00fcsseldorf, &#8222;Ein Leitfaden f\u00fcr das Studium&#8220;<\/p>\n<p>25.06.2009, Stiftisches Humanistisches Gymnasium, M\u00f6nchengladbach, &#8222;Ein Leitfaden f\u00fcr das Studium&#8220;<\/p>\n<p>16.06.2009, Alexander von Humboldt Gymnasium, Neuss, &#8222;Ein Leitfaden f\u00fcr das Studium&#8220;<\/p>\n<p>04.05.2009, Arndt Gymnasium, Krefeld, &#8222;Ein Leitfaden f\u00fcr das Studium&#8220;<\/p>\n<p>29.04.2009, Gymnasium Broich, M\u00fclheim a.d. Ruhr, &#8222;Ein Leitfaden f\u00fcr das Studium&#8220;<\/p>\n<p>25.03.2009, ISD, Kaiserswerth, &#8222;Wichtige Karrierefaktoren &amp; Entscheidungen f\u00fcr das\u00a0passende Studium treffen&#8220;<\/p>\n<p>23.03.2009, Maria-Sibylla-Merian Gymnasium, Krefeld, &#8222;Ein Leitfaden f\u00fcr das Studium&#8220;<\/p>\n<p>12.03.2009, Silverberg Gymnasium, Bedburg, &#8222;Ein Leitfaden f\u00fcr das Studium&#8220;<\/p>\n<p>18.02.2009, ISD, Kaiserswerth, &#8222;Ein \u00dcberblick \u00fcber die besten privaten und staatlichen\u00a0Hochschulen&#8220;<\/p>\n<p>10.02.2009, St. Ursula Gymnasium, D\u00fcsseldorf, &#8222;Ein Leitfaden f\u00fcr das Studium&#8220;<\/p>\n<p>04.02.2009, Franz-Meyers-Gymnasium, M\u00f6nchengladbach, &#8222;Ein Leitfaden f\u00fcr das Studium&#8220;<\/p>\n<p>02.02.2009, St\u00e4dtisches Meerbusch Gymnasium, &#8222;Ein Leitfaden f\u00fcr das Studium&#8220;<\/p>\n<p>27.01.2009, Erzbisch\u00f6fliche Ursulinenschule, K\u00f6ln, &#8222;Ein Leitfaden f\u00fcr das Studium&#8220;<\/p>\n<p>21.01.2009, ISD, Kaiserswerth, &#8222;Preparation for your first placement&#8220;<\/p>\n<p>29.01.2009, Erasmus Gymnasium, Grevenbroich, &#8222;Ein Leitfaden f\u00fcr das Studium&#8220;<\/p>\n<p>20.01.2009, Hildegard-von-Bingen-Gymnasium, K\u00f6ln, &#8222;Ein Leitfaden f\u00fcr das Studium&#8220;<\/p>\n<p>16.12.2008, Zitadelle Gymnasium, J\u00fclich, &#8222;Ein Leitfaden f\u00fcr das Studium&#8220;<\/p>\n<p>11.12.2008, Erftgymnasium, Bergheim, &#8222;Ein Leitfaden f\u00fcr das Studium&#8220;<\/p>\n<p>09.12.2008, Freies Christliches Gymnasium, D\u00fcsseldorf, &#8222;Ein Leitfaden f\u00fcr das Studium&#8220;<\/p>\n<p>10.11.2008, Gutenberg-Gymnasium, Bergheim, &#8222;Ein Leitfaden f\u00fcr das Studium&#8220;<\/p>\n<p>03.11.2008, ISD, Kaiserswerth, &#8222;Workshop Entscheidungsfindung&#8220;<\/p>\n<p>27.10.2008, Silverberg Gymnasium, Bedburg, &#8222;Ein Leitfaden f\u00fcr das Studium&#8220;<\/p>\n<p>23.10.2008, Maria-Sibylla-Merian Gymnasium, Krefeld, &#8222;Ein Leitfaden f\u00fcr das Studium&#8220;<\/p>\n<p>21.10.2008, Lessing Gymnasium, D\u00fcsseldorf, &#8222;Ein Leitfaden f\u00fcr das Studium&#8220;<\/p>\n<p>24.09.2008, Suitbertus Gymnasium, Kaiserswerth, &#8222;Ein Leitfaden f\u00fcr das Studium&#8220;<\/p>\n<p>18.09.2008, Quirinus Gymnasium, Neuss, &#8222;Ein Leitfaden f\u00fcr das Studium&#8220;<\/p>\n<p>10.09.2008, Matar\u00e9 Gymnasium, Meerbusch, &#8222;Ein Leitfaden f\u00fcr das Studium&#8220;<\/p>\n<p>09.09.2008, Mittelstandsvereinigung (MIT) D\u00fcren, &#8222;Die Auswirkungen des demografischen Wandels\u00a0und der Studienreform auf den Mittelstand&#8220;<\/p>\n<p>02.09.2008, Theodor Fliedner Gymnasium, Kaiserswerth, &#8222;Ein Leitfaden f\u00fcr das Studium&#8220;<\/p>\n<p>01.09.2008, ISD, Kaiserswerth, &#8222;Ein Leitfaden f\u00fcr das Praktikum&#8220;<\/p>\n<p>19.06.2008, Ursulinenschule, K\u00f6ln, &#8222;Ein Leitfaden f\u00fcr das Studium&#8220;<\/p>\n<p>15.05.2008, M\u00e4dchen Gymnasium, J\u00fclich, &#8222;Ein Leitfaden f\u00fcr das Studium&#8220;<\/p>\n<p>05.05.2008, St\u00e4dtisches Meerbusch Gymnasium, Meerbusch, &#8222;Ein Leitfaden f\u00fcr das Studium&#8220;<\/p>\n<p>08.04.2008, Suitbertus Gymnasium, Kaiserswerth, &#8222;Ein Leitfaden f\u00fcr das Studium&#8220;<\/p>\n<p>01.04.2008, M\u00e4dchen Gymnasium, J\u00fclich, &#8222;Ein Leitfaden f\u00fcr das Studium&#8220;<\/p>\n<p>13.03.2008, Silverberg Gymnasium, Bedburg, &#8222;Ein Leitfaden f\u00fcr das Studium&#8220;<\/p>\n<p>12.03.2008, M\u00e4dchen Gymnasium, J\u00fclich, &#8222;Ein Leitfaden f\u00fcr das Studium&#8220;<\/p>\n<p>11.03.2008, Zitadelle Gymnasium, J\u00fclich, &#8222;Ein Leitfaden f\u00fcr das Studium&#8220;<\/p>\n<p>11.02.2008, Matar\u00e9 Gymnasium, Meerbusch, &#8222;Ein Leitfaden f\u00fcr das Studium&#8220;<\/p>\n<p>05.03.2008, ISD, Kaiserswerth, &#8222;Wichtige Karrierefaktoren&#8220;<\/p>\n<p>25.02.2008, Lessing Gymnasium, D\u00fcsseldorf, &#8222;Ein Leitfaden f\u00fcr das Studium&#8220;<\/p>\n<p>15.02.2008, Silverberg Gymnasium, Bedburg, &#8222;Ein Leitfaden f\u00fcr das Studium&#8220;<\/p>\n<p>14.02.2008, Erasmus Gymnasium, Grevenbroich, &#8222;Ein Leitfaden f\u00fcr das Studium&#8220;<\/p>\n<p>28.01.2008, Matar\u00e9 Gymnasium, Meerbusch, &#8222;Ein Leitfaden f\u00fcr das Studium&#8220;<\/p>\n<p>22.01.2008, Quirinus Gymnasium, Neuss, &#8222;Ein Leitfaden f\u00fcr das Studium&#8220;<\/p>\n<p>13.12.2007, Erftgymnasium, Bergheim, &#8222;Ein Leitfaden f\u00fcr das Studium&#8220;<\/p>\n<p>15.11.2007, Gutenberg Gymnasium, Bergheim, &#8222;Ein Leitfaden f\u00fcr das Studium&#8220;<\/p>\n            <\/div>        <\/div>    <\/div><\/section>\n<\/div><\/p><\/div><div  class='avia-button-wrap avia-button-right  avia-builder-el-13  el_after_av_one_full  avia-builder-el-last ' ><a href='https:\/\/the-right-direction.de\/cms\/coaching\/'  class='avia-button   avia-icon_select-yes-left-icon avia-color-custom avia-size-large avia-position-right '  style='background-color:#878787; border-color:#878787; color:#ffffff; ' ><span class='avia_button_icon avia_button_icon_left ' aria-hidden='true' data-av_icon='\ue888' data-av_iconfont='entypo-fontello'><\/span><span class='avia_iconbox_title' >Zur\u00fcck<\/span><\/a><\/div>\n\n","protected":false},"excerpt":{"rendered":"","protected":false},"author":1,"featured_media":0,"parent":0,"menu_order":0,"comment_status":"closed","ping_status":"closed","template":"","meta":{"footnotes":""},"class_list":["post-545","page","type-page","status-publish","hentry"],"_links":{"self":[{"href":"https:\/\/the-right-direction.de\/cms\/wp-json\/wp\/v2\/pages\/545","targetHints":{"allow":["GET"]}}],"collection":[{"href":"https:\/\/the-right-direction.de\/cms\/wp-json\/wp\/v2\/pages"}],"about":[{"href":"https:\/\/the-right-direction.de\/cms\/wp-json\/wp\/v2\/types\/page"}],"author":[{"embeddable":true,"href":"https:\/\/the-right-direction.de\/cms\/wp-json\/wp\/v2\/users\/1"}],"replies":[{"embeddable":true,"href":"https:\/\/the-right-direction.de\/cms\/wp-json\/wp\/v2\/comments?post=545"}],"version-history":[{"count":10,"href":"https:\/\/the-right-direction.de\/cms\/wp-json\/wp\/v2\/pages\/545\/revisions"}],"predecessor-version":[{"id":1771,"href":"https:\/\/the-right-direction.de\/cms\/wp-json\/wp\/v2\/pages\/545\/revisions\/1771"}],"wp:attachment":[{"href":"https:\/\/the-right-direction.de\/cms\/wp-json\/wp\/v2\/media?parent=545"}],"curies":[{"name":"wp","href":"https:\/\/api.w.org\/{rel}","templated":true}]}}